{"id":908,"date":"2019-03-13T11:08:53","date_gmt":"2019-03-13T09:08:53","guid":{"rendered":"https:\/\/sibeliussinging.fi\/history\/"},"modified":"2023-11-09T08:02:24","modified_gmt":"2023-11-09T06:02:24","slug":"history","status":"publish","type":"page","link":"https:\/\/sibeliussinging.fi\/en\/history\/","title":{"rendered":"History"},"content":{"rendered":"<p>J\u00e4rvenp\u00e4\u00e4 Sibelius Weeks has organized the international Sibelius Singing Competition three times, in 2007, 2011 and 2015. The competition for duos year 2020 was cancelled due to the corona pandemy. The competition will be organized in April 2025.<\/p>\n<p>&nbsp;<\/p>\n<h2>The prize winners and juries of the previous competitions<\/h2>\n<h3><img fetchpriority=\"high\" decoding=\"async\" class=\"alignnone wp-image-286\" src=\"https:\/\/sibeliussinging.fi\/wp-content\/uploads\/2019\/03\/Voittajat_15-04-25_001-300x191.jpg\" alt=\"\" width=\"608\" height=\"387\" srcset=\"https:\/\/sibeliussinging.fi\/wp-content\/uploads\/2019\/03\/Voittajat_15-04-25_001-300x191.jpg 300w, https:\/\/sibeliussinging.fi\/wp-content\/uploads\/2019\/03\/Voittajat_15-04-25_001-768x488.jpg 768w, https:\/\/sibeliussinging.fi\/wp-content\/uploads\/2019\/03\/Voittajat_15-04-25_001-1024x651.jpg 1024w, https:\/\/sibeliussinging.fi\/wp-content\/uploads\/2019\/03\/Voittajat_15-04-25_001.jpg 2048w\" sizes=\"(max-width: 608px) 100vw, 608px\" \/><\/h3>\n<h3>III International Sibelius Singing Competition 2015<\/h3>\n<p><strong>I Aarne Pelkonen<\/strong>, baritone \/ Finland<br \/>\n<strong>II Erica Back<\/strong>, mezzo-soprano \/ Finland<br \/>\n<strong>III Hanna Rantala<\/strong>, soprano \/ Finland<br \/>\n<strong>IV Tuuri Dede<\/strong>, mezzo-soprano \/ Estonia<br \/>\n<strong>V Sanna Matinniemi<\/strong>, soprano \/ Finland<br \/>\n<strong>VI\u00a0 Artur Rozek<\/strong>, baritore \/ Poland<\/p>\n<p>Jury: Gustav Djupsj\u00f6backa, Monica Groop, Inger Dam-Jensen, Andreas Schmidt, Olle Persson<\/p>\n<p>&nbsp;<\/p>\n<h3>II International Sibelius Singing Competition 2011<\/h3>\n<p><strong>I\u00a0 Hedvig Paulig<\/strong>, soprano \/ Finland<br \/>\n<strong>II Annami Hylkil\u00e4<\/strong>, soprano \/ Finland<br \/>\n<strong>III Josefine Andersson<\/strong>, mezzo-soprano \/ Sweden<br \/>\n<strong>IV\u00a0 Mia Heikkinen<\/strong>, soprano \/ Finland<br \/>\n<strong>V Terttu Iso-Oja<\/strong>, soprano \/ Finland<br \/>\n<strong>VI Satu Kristina Jaatinen<\/strong>, soprano \/ Finland<\/p>\n<p>Jury: Tom Krause, Olaf B\u00e4r, Inessa Galante, MariAnne H\u00e4ggander, P\u00e4ivi Nisula<\/p>\n<p>&nbsp;<\/p>\n<h3>I International Sibelius Singing Competition 2007<\/h3>\n<p><strong>I Annastiina Tahkola<\/strong>, mezzo-soprano \/ Finland<br \/>\n<strong>II\u00a0 Nicholas S\u00f6derlund<\/strong>, bass-baritone \/ Finland<br \/>\n<strong>III Sofia Kallio<\/strong>, soprano \/ Finland<\/p>\n<p>Jury: P\u00e4ivi Nisula, Kristian Attila, Renate Behle, Jorma Hynninen, Frode Olsen<\/p>\n","protected":false},"excerpt":{"rendered":"<p>J\u00e4rvenp\u00e4\u00e4 Sibelius Weeks has organized the international Sibelius Singing Competition three times, in 2007, 2011 and 2015. The competition for duos year 2020 was cancelled due to the corona pandemy. The competition will be organized in April 2025. &nbsp; The prize winners and juries of the previous competitions III International Sibelius Singing Competition 2015 I [&hellip;]<\/p>\n","protected":false},"author":15,"featured_media":844,"parent":0,"menu_order":0,"comment_status":"closed","ping_status":"closed","template":"","meta":{"ocean_post_layout":"","ocean_both_sidebars_style":"","ocean_both_sidebars_content_width":0,"ocean_both_sidebars_sidebars_width":0,"ocean_sidebar":"0","ocean_second_sidebar":"0","ocean_disable_margins":"enable","ocean_add_body_class":"","ocean_shortcode_before_top_bar":"","ocean_shortcode_after_top_bar":"","ocean_shortcode_before_header":"","ocean_shortcode_after_header":"","ocean_has_shortcode":"","ocean_shortcode_after_title":"","ocean_shortcode_before_footer_widgets":"","ocean_shortcode_after_footer_widgets":"","ocean_shortcode_before_footer_bottom":"","ocean_shortcode_after_footer_bottom":"","ocean_display_top_bar":"default","ocean_display_header":"default","ocean_header_style":"","ocean_center_header_left_menu":"0","ocean_custom_header_template":"0","ocean_custom_logo":0,"ocean_custom_retina_logo":0,"ocean_custom_logo_max_width":0,"ocean_custom_logo_tablet_max_width":0,"ocean_custom_logo_mobile_max_width":0,"ocean_custom_logo_max_height":0,"ocean_custom_logo_tablet_max_height":0,"ocean_custom_logo_mobile_max_height":0,"ocean_header_custom_menu":"0","ocean_menu_typo_font_family":"0","ocean_menu_typo_font_subset":"","ocean_menu_typo_font_size":0,"ocean_menu_typo_font_size_tablet":0,"ocean_menu_typo_font_size_mobile":0,"ocean_menu_typo_font_size_unit":"px","ocean_menu_typo_font_weight":"","ocean_menu_typo_font_weight_tablet":"","ocean_menu_typo_font_weight_mobile":"","ocean_menu_typo_transform":"","ocean_menu_typo_transform_tablet":"","ocean_menu_typo_transform_mobile":"","ocean_menu_typo_line_height":0,"ocean_menu_typo_line_height_tablet":0,"ocean_menu_typo_line_height_mobile":0,"ocean_menu_typo_line_height_unit":"","ocean_menu_typo_spacing":0,"ocean_menu_typo_spacing_tablet":0,"ocean_menu_typo_spacing_mobile":0,"ocean_menu_typo_spacing_unit":"","ocean_menu_link_color":"","ocean_menu_link_color_hover":"","ocean_menu_link_color_active":"","ocean_menu_link_background":"","ocean_menu_link_hover_background":"","ocean_menu_link_active_background":"","ocean_menu_social_links_bg":"","ocean_menu_social_hover_links_bg":"","ocean_menu_social_links_color":"","ocean_menu_social_hover_links_color":"","ocean_disable_title":"default","ocean_disable_heading":"default","ocean_post_title":"","ocean_post_subheading":"","ocean_post_title_style":"","ocean_post_title_background_color":"","ocean_post_title_background":0,"ocean_post_title_bg_image_position":"","ocean_post_title_bg_image_attachment":"","ocean_post_title_bg_image_repeat":"","ocean_post_title_bg_image_size":"","ocean_post_title_height":0,"ocean_post_title_bg_overlay":0.5,"ocean_post_title_bg_overlay_color":"","ocean_disable_breadcrumbs":"default","ocean_breadcrumbs_color":"","ocean_breadcrumbs_separator_color":"","ocean_breadcrumbs_links_color":"","ocean_breadcrumbs_links_hover_color":"","ocean_display_footer_widgets":"default","ocean_display_footer_bottom":"default","ocean_custom_footer_template":"0","osh_disable_topbar_sticky":"default","osh_disable_header_sticky":"default","osh_sticky_header_style":"default","osh_sticky_header_effect":"","osh_custom_sticky_logo":0,"osh_custom_retina_sticky_logo":0,"osh_custom_sticky_logo_height":0,"osh_background_color":"","osh_links_color":"","osh_links_hover_color":"","osh_links_active_color":"","osh_links_bg_color":"","osh_links_hover_bg_color":"","osh_links_active_bg_color":"","osh_menu_social_links_color":"","osh_menu_social_hover_links_color":"","footnotes":""},"class_list":["post-908","page","type-page","status-publish","has-post-thumbnail","hentry","entry","has-media"],"yoast_head":"<!-- This site is optimized with the Yoast SEO plugin v27.4 - https:\/\/yoast.com\/product\/yoast-seo-wordpress\/ -->\n<title>History - Sibelius Singing Competition<\/title>\n<meta name=\"robots\" content=\"index, follow, max-snippet:-1, max-image-preview:large, max-video-preview:-1\" \/>\n<link rel=\"canonical\" href=\"https:\/\/sibeliussinging.fi\/en\/history\/\" \/>\n<meta property=\"og:locale\" content=\"en_US\" \/>\n<meta property=\"og:type\" content=\"article\" \/>\n<meta property=\"og:title\" content=\"History - Sibelius Singing Competition\" \/>\n<meta property=\"og:description\" content=\"J\u00e4rvenp\u00e4\u00e4 Sibelius Weeks has organized the international Sibelius Singing Competition three times, in 2007, 2011 and 2015. The competition for duos year 2020 was cancelled due to the corona pandemy. The competition will be organized in April 2025. &nbsp; The prize winners and juries of the previous competitions III International Sibelius Singing Competition 2015 I [&hellip;]\" \/>\n<meta property=\"og:url\" content=\"https:\/\/sibeliussinging.fi\/en\/history\/\" \/>\n<meta property=\"og:site_name\" content=\"Sibelius Singing Competition\" \/>\n<meta property=\"article:publisher\" content=\"https:\/\/www.facebook.com\/sibeliussinging\/\" \/>\n<meta property=\"article:modified_time\" content=\"2023-11-09T06:02:24+00:00\" \/>\n<meta property=\"og:image\" content=\"https:\/\/sibeliussinging.fi\/wp-content\/uploads\/2019\/03\/historia-2048.jpg\" \/>\n\t<meta property=\"og:image:width\" content=\"2048\" \/>\n\t<meta property=\"og:image:height\" content=\"1139\" \/>\n\t<meta property=\"og:image:type\" content=\"image\/jpeg\" \/>\n<meta name=\"twitter:card\" content=\"summary_large_image\" \/>\n<meta name=\"twitter:label1\" content=\"Est. reading time\" \/>\n\t<meta name=\"twitter:data1\" content=\"2 minutes\" \/>\n<script type=\"application\/ld+json\" class=\"yoast-schema-graph\">{\"@context\":\"https:\\\/\\\/schema.org\",\"@graph\":[{\"@type\":\"WebPage\",\"@id\":\"https:\\\/\\\/sibeliussinging.fi\\\/en\\\/history\\\/\",\"url\":\"https:\\\/\\\/sibeliussinging.fi\\\/en\\\/history\\\/\",\"name\":\"History - Sibelius Singing Competition\",\"isPartOf\":{\"@id\":\"https:\\\/\\\/sibeliussinging.fi\\\/en\\\/#website\"},\"primaryImageOfPage\":{\"@id\":\"https:\\\/\\\/sibeliussinging.fi\\\/en\\\/history\\\/#primaryimage\"},\"image\":{\"@id\":\"https:\\\/\\\/sibeliussinging.fi\\\/en\\\/history\\\/#primaryimage\"},\"thumbnailUrl\":\"https:\\\/\\\/sibeliussinging.fi\\\/wp-content\\\/uploads\\\/2019\\\/03\\\/historia-2048.jpg\",\"datePublished\":\"2019-03-13T09:08:53+00:00\",\"dateModified\":\"2023-11-09T06:02:24+00:00\",\"breadcrumb\":{\"@id\":\"https:\\\/\\\/sibeliussinging.fi\\\/en\\\/history\\\/#breadcrumb\"},\"inLanguage\":\"en-US\",\"potentialAction\":[{\"@type\":\"ReadAction\",\"target\":[\"https:\\\/\\\/sibeliussinging.fi\\\/en\\\/history\\\/\"]}]},{\"@type\":\"ImageObject\",\"inLanguage\":\"en-US\",\"@id\":\"https:\\\/\\\/sibeliussinging.fi\\\/en\\\/history\\\/#primaryimage\",\"url\":\"https:\\\/\\\/sibeliussinging.fi\\\/wp-content\\\/uploads\\\/2019\\\/03\\\/historia-2048.jpg\",\"contentUrl\":\"https:\\\/\\\/sibeliussinging.fi\\\/wp-content\\\/uploads\\\/2019\\\/03\\\/historia-2048.jpg\",\"width\":2048,\"height\":1139},{\"@type\":\"BreadcrumbList\",\"@id\":\"https:\\\/\\\/sibeliussinging.fi\\\/en\\\/history\\\/#breadcrumb\",\"itemListElement\":[{\"@type\":\"ListItem\",\"position\":1,\"name\":\"Home\",\"item\":\"https:\\\/\\\/sibeliussinging.fi\\\/en\\\/\"},{\"@type\":\"ListItem\",\"position\":2,\"name\":\"History\"}]},{\"@type\":\"WebSite\",\"@id\":\"https:\\\/\\\/sibeliussinging.fi\\\/en\\\/#website\",\"url\":\"https:\\\/\\\/sibeliussinging.fi\\\/en\\\/\",\"name\":\"Sibelius Singing Competition\",\"description\":\"International duo competition for singers and pianists\",\"publisher\":{\"@id\":\"https:\\\/\\\/sibeliussinging.fi\\\/en\\\/#organization\"},\"potentialAction\":[{\"@type\":\"SearchAction\",\"target\":{\"@type\":\"EntryPoint\",\"urlTemplate\":\"https:\\\/\\\/sibeliussinging.fi\\\/en\\\/?s={search_term_string}\"},\"query-input\":{\"@type\":\"PropertyValueSpecification\",\"valueRequired\":true,\"valueName\":\"search_term_string\"}}],\"inLanguage\":\"en-US\"},{\"@type\":\"Organization\",\"@id\":\"https:\\\/\\\/sibeliussinging.fi\\\/en\\\/#organization\",\"name\":\"Sibelius Singing Comptetition\",\"url\":\"https:\\\/\\\/sibeliussinging.fi\\\/en\\\/\",\"logo\":{\"@type\":\"ImageObject\",\"inLanguage\":\"en-US\",\"@id\":\"https:\\\/\\\/sibeliussinging.fi\\\/en\\\/#\\\/schema\\\/logo\\\/image\\\/\",\"url\":\"https:\\\/\\\/sibeliussinging.fi\\\/wp-content\\\/uploads\\\/2019\\\/03\\\/UUSIsibelius_logo_fb_sininen.jpg\",\"contentUrl\":\"https:\\\/\\\/sibeliussinging.fi\\\/wp-content\\\/uploads\\\/2019\\\/03\\\/UUSIsibelius_logo_fb_sininen.jpg\",\"width\":340,\"height\":340,\"caption\":\"Sibelius Singing Comptetition\"},\"image\":{\"@id\":\"https:\\\/\\\/sibeliussinging.fi\\\/en\\\/#\\\/schema\\\/logo\\\/image\\\/\"},\"sameAs\":[\"https:\\\/\\\/www.facebook.com\\\/sibeliussinging\\\/\"]}]}<\/script>\n<!-- \/ Yoast SEO plugin. -->","yoast_head_json":{"title":"History - Sibelius Singing Competition","robots":{"index":"index","follow":"follow","max-snippet":"max-snippet:-1","max-image-preview":"max-image-preview:large","max-video-preview":"max-video-preview:-1"},"canonical":"https:\/\/sibeliussinging.fi\/en\/history\/","og_locale":"en_US","og_type":"article","og_title":"History - Sibelius Singing Competition","og_description":"J\u00e4rvenp\u00e4\u00e4 Sibelius Weeks has organized the international Sibelius Singing Competition three times, in 2007, 2011 and 2015. The competition for duos year 2020 was cancelled due to the corona pandemy. The competition will be organized in April 2025. &nbsp; The prize winners and juries of the previous competitions III International Sibelius Singing Competition 2015 I [&hellip;]","og_url":"https:\/\/sibeliussinging.fi\/en\/history\/","og_site_name":"Sibelius Singing Competition","article_publisher":"https:\/\/www.facebook.com\/sibeliussinging\/","article_modified_time":"2023-11-09T06:02:24+00:00","og_image":[{"width":2048,"height":1139,"url":"https:\/\/sibeliussinging.fi\/wp-content\/uploads\/2019\/03\/historia-2048.jpg","type":"image\/jpeg"}],"twitter_card":"summary_large_image","twitter_misc":{"Est. reading time":"2 minutes"},"schema":{"@context":"https:\/\/schema.org","@graph":[{"@type":"WebPage","@id":"https:\/\/sibeliussinging.fi\/en\/history\/","url":"https:\/\/sibeliussinging.fi\/en\/history\/","name":"History - Sibelius Singing Competition","isPartOf":{"@id":"https:\/\/sibeliussinging.fi\/en\/#website"},"primaryImageOfPage":{"@id":"https:\/\/sibeliussinging.fi\/en\/history\/#primaryimage"},"image":{"@id":"https:\/\/sibeliussinging.fi\/en\/history\/#primaryimage"},"thumbnailUrl":"https:\/\/sibeliussinging.fi\/wp-content\/uploads\/2019\/03\/historia-2048.jpg","datePublished":"2019-03-13T09:08:53+00:00","dateModified":"2023-11-09T06:02:24+00:00","breadcrumb":{"@id":"https:\/\/sibeliussinging.fi\/en\/history\/#breadcrumb"},"inLanguage":"en-US","potentialAction":[{"@type":"ReadAction","target":["https:\/\/sibeliussinging.fi\/en\/history\/"]}]},{"@type":"ImageObject","inLanguage":"en-US","@id":"https:\/\/sibeliussinging.fi\/en\/history\/#primaryimage","url":"https:\/\/sibeliussinging.fi\/wp-content\/uploads\/2019\/03\/historia-2048.jpg","contentUrl":"https:\/\/sibeliussinging.fi\/wp-content\/uploads\/2019\/03\/historia-2048.jpg","width":2048,"height":1139},{"@type":"BreadcrumbList","@id":"https:\/\/sibeliussinging.fi\/en\/history\/#breadcrumb","itemListElement":[{"@type":"ListItem","position":1,"name":"Home","item":"https:\/\/sibeliussinging.fi\/en\/"},{"@type":"ListItem","position":2,"name":"History"}]},{"@type":"WebSite","@id":"https:\/\/sibeliussinging.fi\/en\/#website","url":"https:\/\/sibeliussinging.fi\/en\/","name":"Sibelius Singing Competition","description":"International duo competition for singers and pianists","publisher":{"@id":"https:\/\/sibeliussinging.fi\/en\/#organization"},"potentialAction":[{"@type":"SearchAction","target":{"@type":"EntryPoint","urlTemplate":"https:\/\/sibeliussinging.fi\/en\/?s={search_term_string}"},"query-input":{"@type":"PropertyValueSpecification","valueRequired":true,"valueName":"search_term_string"}}],"inLanguage":"en-US"},{"@type":"Organization","@id":"https:\/\/sibeliussinging.fi\/en\/#organization","name":"Sibelius Singing Comptetition","url":"https:\/\/sibeliussinging.fi\/en\/","logo":{"@type":"ImageObject","inLanguage":"en-US","@id":"https:\/\/sibeliussinging.fi\/en\/#\/schema\/logo\/image\/","url":"https:\/\/sibeliussinging.fi\/wp-content\/uploads\/2019\/03\/UUSIsibelius_logo_fb_sininen.jpg","contentUrl":"https:\/\/sibeliussinging.fi\/wp-content\/uploads\/2019\/03\/UUSIsibelius_logo_fb_sininen.jpg","width":340,"height":340,"caption":"Sibelius Singing Comptetition"},"image":{"@id":"https:\/\/sibeliussinging.fi\/en\/#\/schema\/logo\/image\/"},"sameAs":["https:\/\/www.facebook.com\/sibeliussinging\/"]}]}},"_links":{"self":[{"href":"https:\/\/sibeliussinging.fi\/en\/wp-json\/wp\/v2\/pages\/908","targetHints":{"allow":["GET"]}}],"collection":[{"href":"https:\/\/sibeliussinging.fi\/en\/wp-json\/wp\/v2\/pages"}],"about":[{"href":"https:\/\/sibeliussinging.fi\/en\/wp-json\/wp\/v2\/types\/page"}],"author":[{"embeddable":true,"href":"https:\/\/sibeliussinging.fi\/en\/wp-json\/wp\/v2\/users\/15"}],"replies":[{"embeddable":true,"href":"https:\/\/sibeliussinging.fi\/en\/wp-json\/wp\/v2\/comments?post=908"}],"version-history":[{"count":2,"href":"https:\/\/sibeliussinging.fi\/en\/wp-json\/wp\/v2\/pages\/908\/revisions"}],"predecessor-version":[{"id":1689,"href":"https:\/\/sibeliussinging.fi\/en\/wp-json\/wp\/v2\/pages\/908\/revisions\/1689"}],"wp:featuredmedia":[{"embeddable":true,"href":"https:\/\/sibeliussinging.fi\/en\/wp-json\/wp\/v2\/media\/844"}],"wp:attachment":[{"href":"https:\/\/sibeliussinging.fi\/en\/wp-json\/wp\/v2\/media?parent=908"}],"curies":[{"name":"wp","href":"https:\/\/api.w.org\/{rel}","templated":true}]}}