{"id":890,"date":"2019-03-13T10:49:04","date_gmt":"2019-03-13T08:49:04","guid":{"rendered":"https:\/\/sibeliussinging.fi\/about-the-competition\/"},"modified":"2024-10-15T07:58:00","modified_gmt":"2024-10-15T05:58:00","slug":"about-the-competition","status":"publish","type":"page","link":"https:\/\/sibeliussinging.fi\/en\/about-the-competition\/","title":{"rendered":"About the competition"},"content":{"rendered":"<h2>About the competition<\/h2>\n<p><b>J\u00e4rvenp\u00e4\u00e4 Sibelius Weeks <\/b><span style=\"font-weight: 400;\">is arranging the competition in co-operation with the City of J\u00e4rvenp\u00e4\u00e4. <\/span><\/p>\n<h2>Competition venue<\/h2>\n<p><span style=\"font-weight: 400;\">The competition is to be held at the <a href=\"https:\/\/www.jarvenpaatalo.fi\/tilat\/\">Sibelius Hall in J\u00e4rvenp\u00e4\u00e4<\/a>, home town of Jean Sibelius. The acoustics at this hall in the J\u00e4rvenp\u00e4\u00e4 Hall complex are among the finest in Finland, and not far away is the maestro\u2019s former home, <\/span><b>Ainola<\/b><span style=\"font-weight: 400;\">.<\/span><\/p>\n<h2>Competitor&#8217;s travel and accommodation<\/h2>\n<p><span style=\"font-weight: 400;\">Competitors will be organized free accommodation by the competition organization. The competitors pay their travel costs to and from J\u00e4rvenp\u00e4\u00e4 themselves.<br \/>\n<\/span><\/p>\n<h2>Prizes<\/h2>\n<p>The monetary prizes are taxed depending on the taxation practice of the prize winner&#8217;s country of residence.<\/p>\n","protected":false},"excerpt":{"rendered":"<p>About the competition J\u00e4rvenp\u00e4\u00e4 Sibelius Weeks is arranging the competition in co-operation with the City of J\u00e4rvenp\u00e4\u00e4. Competition venue The competition is to be held at the Sibelius Hall in J\u00e4rvenp\u00e4\u00e4, home town of Jean Sibelius. The acoustics at this hall in the J\u00e4rvenp\u00e4\u00e4 Hall complex are among the finest in Finland, and not far [&hellip;]<\/p>\n","protected":false},"author":15,"featured_media":848,"parent":0,"menu_order":0,"comment_status":"closed","ping_status":"closed","template":"","meta":{"ocean_post_layout":"","ocean_both_sidebars_style":"","ocean_both_sidebars_content_width":0,"ocean_both_sidebars_sidebars_width":0,"ocean_sidebar":"0","ocean_second_sidebar":"0","ocean_disable_margins":"enable","ocean_add_body_class":"","ocean_shortcode_before_top_bar":"","ocean_shortcode_after_top_bar":"","ocean_shortcode_before_header":"","ocean_shortcode_after_header":"","ocean_has_shortcode":"","ocean_shortcode_after_title":"","ocean_shortcode_before_footer_widgets":"","ocean_shortcode_after_footer_widgets":"","ocean_shortcode_before_footer_bottom":"","ocean_shortcode_after_footer_bottom":"","ocean_display_top_bar":"default","ocean_display_header":"default","ocean_header_style":"","ocean_center_header_left_menu":"0","ocean_custom_header_template":"0","ocean_custom_logo":0,"ocean_custom_retina_logo":0,"ocean_custom_logo_max_width":0,"ocean_custom_logo_tablet_max_width":0,"ocean_custom_logo_mobile_max_width":0,"ocean_custom_logo_max_height":0,"ocean_custom_logo_tablet_max_height":0,"ocean_custom_logo_mobile_max_height":0,"ocean_header_custom_menu":"0","ocean_menu_typo_font_family":"0","ocean_menu_typo_font_subset":"","ocean_menu_typo_font_size":0,"ocean_menu_typo_font_size_tablet":0,"ocean_menu_typo_font_size_mobile":0,"ocean_menu_typo_font_size_unit":"px","ocean_menu_typo_font_weight":"","ocean_menu_typo_font_weight_tablet":"","ocean_menu_typo_font_weight_mobile":"","ocean_menu_typo_transform":"","ocean_menu_typo_transform_tablet":"","ocean_menu_typo_transform_mobile":"","ocean_menu_typo_line_height":0,"ocean_menu_typo_line_height_tablet":0,"ocean_menu_typo_line_height_mobile":0,"ocean_menu_typo_line_height_unit":"","ocean_menu_typo_spacing":0,"ocean_menu_typo_spacing_tablet":0,"ocean_menu_typo_spacing_mobile":0,"ocean_menu_typo_spacing_unit":"","ocean_menu_link_color":"","ocean_menu_link_color_hover":"","ocean_menu_link_color_active":"","ocean_menu_link_background":"","ocean_menu_link_hover_background":"","ocean_menu_link_active_background":"","ocean_menu_social_links_bg":"","ocean_menu_social_hover_links_bg":"","ocean_menu_social_links_color":"","ocean_menu_social_hover_links_color":"","ocean_disable_title":"default","ocean_disable_heading":"default","ocean_post_title":"","ocean_post_subheading":"","ocean_post_title_style":"","ocean_post_title_background_color":"","ocean_post_title_background":0,"ocean_post_title_bg_image_position":"","ocean_post_title_bg_image_attachment":"","ocean_post_title_bg_image_repeat":"","ocean_post_title_bg_image_size":"","ocean_post_title_height":0,"ocean_post_title_bg_overlay":0.5,"ocean_post_title_bg_overlay_color":"","ocean_disable_breadcrumbs":"default","ocean_breadcrumbs_color":"","ocean_breadcrumbs_separator_color":"","ocean_breadcrumbs_links_color":"","ocean_breadcrumbs_links_hover_color":"","ocean_display_footer_widgets":"default","ocean_display_footer_bottom":"default","ocean_custom_footer_template":"0","osh_disable_topbar_sticky":"default","osh_disable_header_sticky":"default","osh_sticky_header_style":"default","osh_sticky_header_effect":"","osh_custom_sticky_logo":0,"osh_custom_retina_sticky_logo":0,"osh_custom_sticky_logo_height":0,"osh_background_color":"","osh_links_color":"","osh_links_hover_color":"","osh_links_active_color":"","osh_links_bg_color":"","osh_links_hover_bg_color":"","osh_links_active_bg_color":"","osh_menu_social_links_color":"","osh_menu_social_hover_links_color":"","footnotes":""},"class_list":["post-890","page","type-page","status-publish","has-post-thumbnail","hentry","entry","has-media"],"yoast_head":"<!-- This site is optimized with the Yoast SEO plugin v27.4 - https:\/\/yoast.com\/product\/yoast-seo-wordpress\/ -->\n<title>About the competition - Sibelius Singing Competition<\/title>\n<meta name=\"robots\" content=\"index, follow, max-snippet:-1, max-image-preview:large, max-video-preview:-1\" \/>\n<link rel=\"canonical\" href=\"https:\/\/sibeliussinging.fi\/en\/about-the-competition\/\" \/>\n<meta property=\"og:locale\" content=\"en_US\" \/>\n<meta property=\"og:type\" content=\"article\" \/>\n<meta property=\"og:title\" content=\"About the competition - Sibelius Singing Competition\" \/>\n<meta property=\"og:description\" content=\"About the competition J\u00e4rvenp\u00e4\u00e4 Sibelius Weeks is arranging the competition in co-operation with the City of J\u00e4rvenp\u00e4\u00e4. Competition venue The competition is to be held at the Sibelius Hall in J\u00e4rvenp\u00e4\u00e4, home town of Jean Sibelius. The acoustics at this hall in the J\u00e4rvenp\u00e4\u00e4 Hall complex are among the finest in Finland, and not far [&hellip;]\" \/>\n<meta property=\"og:url\" content=\"https:\/\/sibeliussinging.fi\/en\/about-the-competition\/\" \/>\n<meta property=\"og:site_name\" content=\"Sibelius Singing Competition\" \/>\n<meta property=\"article:publisher\" content=\"https:\/\/www.facebook.com\/sibeliussinging\/\" \/>\n<meta property=\"article:modified_time\" content=\"2024-10-15T05:58:00+00:00\" \/>\n<meta property=\"og:image\" content=\"https:\/\/sibeliussinging.fi\/wp-content\/uploads\/2019\/03\/kilpailu-2048.jpg\" \/>\n\t<meta property=\"og:image:width\" content=\"2048\" \/>\n\t<meta property=\"og:image:height\" content=\"1139\" \/>\n\t<meta property=\"og:image:type\" content=\"image\/jpeg\" \/>\n<meta name=\"twitter:card\" content=\"summary_large_image\" \/>\n<meta name=\"twitter:label1\" content=\"Est. reading time\" \/>\n\t<meta name=\"twitter:data1\" content=\"1 minute\" \/>\n<script type=\"application\/ld+json\" class=\"yoast-schema-graph\">{\"@context\":\"https:\\\/\\\/schema.org\",\"@graph\":[{\"@type\":\"WebPage\",\"@id\":\"https:\\\/\\\/sibeliussinging.fi\\\/en\\\/about-the-competition\\\/\",\"url\":\"https:\\\/\\\/sibeliussinging.fi\\\/en\\\/about-the-competition\\\/\",\"name\":\"About the competition - Sibelius Singing Competition\",\"isPartOf\":{\"@id\":\"https:\\\/\\\/sibeliussinging.fi\\\/en\\\/#website\"},\"primaryImageOfPage\":{\"@id\":\"https:\\\/\\\/sibeliussinging.fi\\\/en\\\/about-the-competition\\\/#primaryimage\"},\"image\":{\"@id\":\"https:\\\/\\\/sibeliussinging.fi\\\/en\\\/about-the-competition\\\/#primaryimage\"},\"thumbnailUrl\":\"https:\\\/\\\/sibeliussinging.fi\\\/wp-content\\\/uploads\\\/2019\\\/03\\\/kilpailu-2048.jpg\",\"datePublished\":\"2019-03-13T08:49:04+00:00\",\"dateModified\":\"2024-10-15T05:58:00+00:00\",\"breadcrumb\":{\"@id\":\"https:\\\/\\\/sibeliussinging.fi\\\/en\\\/about-the-competition\\\/#breadcrumb\"},\"inLanguage\":\"en-US\",\"potentialAction\":[{\"@type\":\"ReadAction\",\"target\":[\"https:\\\/\\\/sibeliussinging.fi\\\/en\\\/about-the-competition\\\/\"]}]},{\"@type\":\"ImageObject\",\"inLanguage\":\"en-US\",\"@id\":\"https:\\\/\\\/sibeliussinging.fi\\\/en\\\/about-the-competition\\\/#primaryimage\",\"url\":\"https:\\\/\\\/sibeliussinging.fi\\\/wp-content\\\/uploads\\\/2019\\\/03\\\/kilpailu-2048.jpg\",\"contentUrl\":\"https:\\\/\\\/sibeliussinging.fi\\\/wp-content\\\/uploads\\\/2019\\\/03\\\/kilpailu-2048.jpg\",\"width\":2048,\"height\":1139},{\"@type\":\"BreadcrumbList\",\"@id\":\"https:\\\/\\\/sibeliussinging.fi\\\/en\\\/about-the-competition\\\/#breadcrumb\",\"itemListElement\":[{\"@type\":\"ListItem\",\"position\":1,\"name\":\"Home\",\"item\":\"https:\\\/\\\/sibeliussinging.fi\\\/en\\\/\"},{\"@type\":\"ListItem\",\"position\":2,\"name\":\"About the competition\"}]},{\"@type\":\"WebSite\",\"@id\":\"https:\\\/\\\/sibeliussinging.fi\\\/en\\\/#website\",\"url\":\"https:\\\/\\\/sibeliussinging.fi\\\/en\\\/\",\"name\":\"Sibelius Singing Competition\",\"description\":\"International duo competition for singers and pianists\",\"publisher\":{\"@id\":\"https:\\\/\\\/sibeliussinging.fi\\\/en\\\/#organization\"},\"potentialAction\":[{\"@type\":\"SearchAction\",\"target\":{\"@type\":\"EntryPoint\",\"urlTemplate\":\"https:\\\/\\\/sibeliussinging.fi\\\/en\\\/?s={search_term_string}\"},\"query-input\":{\"@type\":\"PropertyValueSpecification\",\"valueRequired\":true,\"valueName\":\"search_term_string\"}}],\"inLanguage\":\"en-US\"},{\"@type\":\"Organization\",\"@id\":\"https:\\\/\\\/sibeliussinging.fi\\\/en\\\/#organization\",\"name\":\"Sibelius Singing Comptetition\",\"url\":\"https:\\\/\\\/sibeliussinging.fi\\\/en\\\/\",\"logo\":{\"@type\":\"ImageObject\",\"inLanguage\":\"en-US\",\"@id\":\"https:\\\/\\\/sibeliussinging.fi\\\/en\\\/#\\\/schema\\\/logo\\\/image\\\/\",\"url\":\"https:\\\/\\\/sibeliussinging.fi\\\/wp-content\\\/uploads\\\/2019\\\/03\\\/UUSIsibelius_logo_fb_sininen.jpg\",\"contentUrl\":\"https:\\\/\\\/sibeliussinging.fi\\\/wp-content\\\/uploads\\\/2019\\\/03\\\/UUSIsibelius_logo_fb_sininen.jpg\",\"width\":340,\"height\":340,\"caption\":\"Sibelius Singing Comptetition\"},\"image\":{\"@id\":\"https:\\\/\\\/sibeliussinging.fi\\\/en\\\/#\\\/schema\\\/logo\\\/image\\\/\"},\"sameAs\":[\"https:\\\/\\\/www.facebook.com\\\/sibeliussinging\\\/\"]}]}<\/script>\n<!-- \/ Yoast SEO plugin. -->","yoast_head_json":{"title":"About the competition - Sibelius Singing Competition","robots":{"index":"index","follow":"follow","max-snippet":"max-snippet:-1","max-image-preview":"max-image-preview:large","max-video-preview":"max-video-preview:-1"},"canonical":"https:\/\/sibeliussinging.fi\/en\/about-the-competition\/","og_locale":"en_US","og_type":"article","og_title":"About the competition - Sibelius Singing Competition","og_description":"About the competition J\u00e4rvenp\u00e4\u00e4 Sibelius Weeks is arranging the competition in co-operation with the City of J\u00e4rvenp\u00e4\u00e4. Competition venue The competition is to be held at the Sibelius Hall in J\u00e4rvenp\u00e4\u00e4, home town of Jean Sibelius. The acoustics at this hall in the J\u00e4rvenp\u00e4\u00e4 Hall complex are among the finest in Finland, and not far [&hellip;]","og_url":"https:\/\/sibeliussinging.fi\/en\/about-the-competition\/","og_site_name":"Sibelius Singing Competition","article_publisher":"https:\/\/www.facebook.com\/sibeliussinging\/","article_modified_time":"2024-10-15T05:58:00+00:00","og_image":[{"width":2048,"height":1139,"url":"https:\/\/sibeliussinging.fi\/wp-content\/uploads\/2019\/03\/kilpailu-2048.jpg","type":"image\/jpeg"}],"twitter_card":"summary_large_image","twitter_misc":{"Est. reading time":"1 minute"},"schema":{"@context":"https:\/\/schema.org","@graph":[{"@type":"WebPage","@id":"https:\/\/sibeliussinging.fi\/en\/about-the-competition\/","url":"https:\/\/sibeliussinging.fi\/en\/about-the-competition\/","name":"About the competition - Sibelius Singing Competition","isPartOf":{"@id":"https:\/\/sibeliussinging.fi\/en\/#website"},"primaryImageOfPage":{"@id":"https:\/\/sibeliussinging.fi\/en\/about-the-competition\/#primaryimage"},"image":{"@id":"https:\/\/sibeliussinging.fi\/en\/about-the-competition\/#primaryimage"},"thumbnailUrl":"https:\/\/sibeliussinging.fi\/wp-content\/uploads\/2019\/03\/kilpailu-2048.jpg","datePublished":"2019-03-13T08:49:04+00:00","dateModified":"2024-10-15T05:58:00+00:00","breadcrumb":{"@id":"https:\/\/sibeliussinging.fi\/en\/about-the-competition\/#breadcrumb"},"inLanguage":"en-US","potentialAction":[{"@type":"ReadAction","target":["https:\/\/sibeliussinging.fi\/en\/about-the-competition\/"]}]},{"@type":"ImageObject","inLanguage":"en-US","@id":"https:\/\/sibeliussinging.fi\/en\/about-the-competition\/#primaryimage","url":"https:\/\/sibeliussinging.fi\/wp-content\/uploads\/2019\/03\/kilpailu-2048.jpg","contentUrl":"https:\/\/sibeliussinging.fi\/wp-content\/uploads\/2019\/03\/kilpailu-2048.jpg","width":2048,"height":1139},{"@type":"BreadcrumbList","@id":"https:\/\/sibeliussinging.fi\/en\/about-the-competition\/#breadcrumb","itemListElement":[{"@type":"ListItem","position":1,"name":"Home","item":"https:\/\/sibeliussinging.fi\/en\/"},{"@type":"ListItem","position":2,"name":"About the competition"}]},{"@type":"WebSite","@id":"https:\/\/sibeliussinging.fi\/en\/#website","url":"https:\/\/sibeliussinging.fi\/en\/","name":"Sibelius Singing Competition","description":"International duo competition for singers and pianists","publisher":{"@id":"https:\/\/sibeliussinging.fi\/en\/#organization"},"potentialAction":[{"@type":"SearchAction","target":{"@type":"EntryPoint","urlTemplate":"https:\/\/sibeliussinging.fi\/en\/?s={search_term_string}"},"query-input":{"@type":"PropertyValueSpecification","valueRequired":true,"valueName":"search_term_string"}}],"inLanguage":"en-US"},{"@type":"Organization","@id":"https:\/\/sibeliussinging.fi\/en\/#organization","name":"Sibelius Singing Comptetition","url":"https:\/\/sibeliussinging.fi\/en\/","logo":{"@type":"ImageObject","inLanguage":"en-US","@id":"https:\/\/sibeliussinging.fi\/en\/#\/schema\/logo\/image\/","url":"https:\/\/sibeliussinging.fi\/wp-content\/uploads\/2019\/03\/UUSIsibelius_logo_fb_sininen.jpg","contentUrl":"https:\/\/sibeliussinging.fi\/wp-content\/uploads\/2019\/03\/UUSIsibelius_logo_fb_sininen.jpg","width":340,"height":340,"caption":"Sibelius Singing Comptetition"},"image":{"@id":"https:\/\/sibeliussinging.fi\/en\/#\/schema\/logo\/image\/"},"sameAs":["https:\/\/www.facebook.com\/sibeliussinging\/"]}]}},"_links":{"self":[{"href":"https:\/\/sibeliussinging.fi\/en\/wp-json\/wp\/v2\/pages\/890","targetHints":{"allow":["GET"]}}],"collection":[{"href":"https:\/\/sibeliussinging.fi\/en\/wp-json\/wp\/v2\/pages"}],"about":[{"href":"https:\/\/sibeliussinging.fi\/en\/wp-json\/wp\/v2\/types\/page"}],"author":[{"embeddable":true,"href":"https:\/\/sibeliussinging.fi\/en\/wp-json\/wp\/v2\/users\/15"}],"replies":[{"embeddable":true,"href":"https:\/\/sibeliussinging.fi\/en\/wp-json\/wp\/v2\/comments?post=890"}],"version-history":[{"count":11,"href":"https:\/\/sibeliussinging.fi\/en\/wp-json\/wp\/v2\/pages\/890\/revisions"}],"predecessor-version":[{"id":1919,"href":"https:\/\/sibeliussinging.fi\/en\/wp-json\/wp\/v2\/pages\/890\/revisions\/1919"}],"wp:featuredmedia":[{"embeddable":true,"href":"https:\/\/sibeliussinging.fi\/en\/wp-json\/wp\/v2\/media\/848"}],"wp:attachment":[{"href":"https:\/\/sibeliussinging.fi\/en\/wp-json\/wp\/v2\/media?parent=890"}],"curies":[{"name":"wp","href":"https:\/\/api.w.org\/{rel}","templated":true}]}}